{"id":432,"date":"2016-04-27T10:48:22","date_gmt":"2016-04-27T08:48:22","guid":{"rendered":"http:\/\/www.billia.it\/centrocongressi\/fr\/sala-congressi-cervino\/"},"modified":"2024-04-12T09:03:50","modified_gmt":"2024-04-12T07:03:50","slug":"sala-cervino","status":"publish","type":"page","link":"https:\/\/www.billia.it\/centrocongressi\/fr\/sala-cervino\/","title":{"rendered":"Salle Cervin"},"content":{"rendered":"[vc_row full_width=\u00a0\u00bbstretch_row_content\u00a0\u00bb css=\u00a0\u00bb.vc_custom_1461744556193{margin-bottom: 0px !important;border-bottom-width: 0px !important;}\u00a0\u00bb][vc_column css=\u00a0\u00bb.vc_custom_1461744550777{margin-bottom: 0px !important;padding-top: 50px !important;padding-bottom: 0px !important;}\u00a0\u00bb][vc_raw_html]JTNDZGl2JTIwY2xhc3MlM0QlMjJib3R0b25lLWNlbnRyYWxlJTIyJTNFJTBBJTNDaWZyYW1lJTIwc3JjJTNEJTIyJTJGc2FsZSUyRmNlcnZpbm8lMkZmciUyRm1vbnRlLWNlcnZpbm8uaHRtbCUyMiUyMCUyMHdpZHRoJTNEJTIyOTIwcHglMjIlMjBoZWlnaHQlM0QlMjI3NTBweCUyMiUyMGFsaWduJTNEJTIybWlkZGxlJTIyJTIwc3R5bGUlM0QlMjJib3JkZXItc3R5bGUlM0ElMjBzb2xpZCUzQiUyMGJvcmRlci13aWR0aCUzQSUyMDAlMjIlMjAlM0UlM0MlMkZpZnJhbWUlM0UlM0MlMkZkaXYlM0UlMEElMEElMEE=[\/vc_raw_html][\/vc_column][\/vc_row][vc_row css=\u00a0\u00bb.vc_custom_1463131158685{margin-bottom: 30px !important;}\u00a0\u00bb][vc_column offset=\u00a0\u00bbvc_col-lg-6 vc_col-md-12&Prime;][vc_gallery type=\u00a0\u00bbflexslider_slide\u00a0\u00bb interval=\u00a0\u00bb3&Prime; images=\u00a0\u00bb205,207,731&Prime; onclick=\u00a0\u00bb\u00a0\u00bb][\/vc_column][vc_column offset=\u00a0\u00bbvc_col-lg-6 vc_col-md-12&Prime;]<h4 class=\"calluna-heading calluna-heading-none text-align-center \" style=\"color: #7fa69d;\"><span>Fiche technique<\/span><\/h4>[vc_tta_tour style=\u00a0\u00bbmodern\u00a0\u00bb shape=\u00a0\u00bbround\u00a0\u00bb color=\u00a0\u00bbwhite\u00a0\u00bb active_section=\u00a0\u00bb1&Prime;][vc_tta_section title=\u00a0\u00bbDescription\u00a0\u00bb tab_id=\u00a0\u00bb1461744278037-3ab293cc-7831&Prime;][vc_column_text css_animation=\u00a0\u00bbright-to-left\u00a0\u00bb]\n<p class=\"p1\">Situ\u00e9e \u00e0 l\u2019\u00e9tage inf\u00e9rieur du Centre de Congr\u00e8s, la salle peut accueillir jusqu\u2019\u00e0 170 personnes, ou elle est divisible gr\u00e2ce \u00e0 une s\u00e9paration mobile, en deux salles d\u2019environ 60 places. Le parquet en ch\u00eane clair et les rev\u00eatements muraux en boiseries rendent cet espace \u00e0 la fois \u00e9l\u00e9gant et fonctionnel. Le foyer ext\u00e9rieur permet d\u2019organiser une r\u00e9ception d\u2019enregistrement ou de bienvenue et de mettre en place un coin pour les pauses caf\u00e9.<\/p>\n[\/vc_column_text][\/vc_tta_section][vc_tta_section title=\u00a0\u00bbTailles\u00a0\u00bb tab_id=\u00a0\u00bb1459924885113-5f03a884-4e0b\u00a0\u00bb][vc_column_text css_animation=\u00a0\u00bbright-to-left\u00a0\u00bb]\n<p style=\"color: #1d1d1d;\">Zone m\u00b2. = 213<\/p>\n<p style=\"color: #1d1d1d;\">Dimensions m. = 23&#215;9,20<\/p>\n<p style=\"color: #1d1d1d;\">Hauteur m. = 3,00<\/p>\n[\/vc_column_text][\/vc_tta_section][vc_tta_section title=\u00a0\u00bbCapacit\u00e9\u00a0\u00bb tab_id=\u00a0\u00bb1459924885163-8073b0b9-ae33&Prime;][vc_column_text css_animation=\u00a0\u00bbright-to-left\u00a0\u00bb]\n<p style=\"color: #1d1d1d;\">Capacit\u00e9 maximale = 176 personnes<\/p>\n<p style=\"color: #1d1d1d;\">Capacit\u00e9 avec une disposition en fer \u00e0 cheval = 46<\/p>\n<p style=\"color: #1d1d1d;\">Capacit\u00e9 avec une table = 52<\/p>\n<p style=\"color: #1d1d1d;\">Capacit\u00e9 de la classe de pr\u00e9paration = 68<\/p>\n<p style=\"color: #1d1d1d;\">Capacit\u00e9s avec le th\u00e9\u00e2tre layout = 176<\/p>\n[\/vc_column_text][\/vc_tta_section][vc_tta_section title=\u00a0\u00bb\u00c9quipement technique\u00a0\u00bb tab_id=\u00a0\u00bb1686048854509-b14d9df3-3278&Prime;][vc_column_text]\n<ul class=\"ul1\">\n<li class=\"li1\">Projecteur Panasonic Full HD 6.000 lumens; les signaux sont transmis sur c\u00e2ble optique HDMI<\/li>\n<li class=\"li1\">\u00c9cran motoris\u00e9 (pour projection frontale) d\u2019environ 4&#215;3 m<\/li>\n<li class=\"li1\">Syst\u00e8me audio (mono), avec microphones fixes, sans fil et lavalier Shure<\/li>\n<li class=\"li1\">Mixer audio Midas<\/li>\n<\/ul>\n[\/vc_column_text][\/vc_tta_section][\/vc_tta_tour][\/vc_column][\/vc_row][vc_row css=\u00a0\u00bb.vc_custom_1462871997902{padding-top: 50px !important;background-color: #f1f2f2 !important;}\u00a0\u00bb][vc_column][vc_column_text css_animation=\u00a0\u00bbbottom-to-top\u00a0\u00bb css=\u00a0\u00bb.vc_custom_1686048973399{padding-top: 20px !important;padding-left: 20px !important;}\u00a0\u00bb]\n<p style=\"color: #1d1d1d;\">Contactez-nous pour tous les besoins, nous vous fournirons toutes les informations techniques et vous pouvez obtenir un devis gratuit sans engagement.<\/p>\n<p style=\"color: #1d1d1d;\">Tel: (+39)-0166-5231<\/p>\n<p class=\"p1\"><span class=\"s1\">E-mail: <a href=\"mailto:congress.billia@svrc.it\"><span class=\"s2\">congress.billia@svrc.it<\/span><\/a> <\/span><\/p>\n[\/vc_column_text][vc_raw_html]JTNDZGl2JTIwY2xhc3MlM0QlMjJib3R0b25lLWNlbnRyYWxlJTIyJTNFJTBBJTNDYSUyMGhyZWYlM0QlMjIlMkZmciUyRmNvbnRhY3RzJTJGJTIyJTIwY2xhc3MlM0QlMjJidG4tcHJpbWFyeSUyMiUzRSUwQUNvbnRhY3RzJTBBJTNDJTJGYSUzRSUzQyUyRmRpdiUzRSUwQQ==[\/vc_raw_html][vc_empty_space][\/vc_column][\/vc_row]\n","protected":false},"excerpt":{"rendered":"<p>[vc_row full_width=\u00a0\u00bbstretch_row_content\u00a0\u00bb css=\u00a0\u00bb.vc_custom_1461744556193{margin-bottom: 0px !important;border-bottom-width: 0px !important;}\u00a0\u00bb][vc_column css=\u00a0\u00bb.vc_custom_1461744550777{margin-bottom: 0px !important;padding-top: 50px !important;padding-bottom: 0px !important;}\u00a0\u00bb][vc_raw_html]JTNDZGl2JTIwY2xhc3MlM0QlMjJib3R0b25lLWNlbnRyYWxlJTIyJTNFJTBBJTNDaWZyYW1lJTIwc3JjJTNEJTIyJTJGc2FsZSUyRmNlcnZpbm8lMkZmciUyRm1vbnRlLWNlcnZpbm8uaHRtbCUyMiUyMCUyMHdpZHRoJTNEJTIyOTIwcHglMjIlMjBoZWlnaHQlM0QlMjI3NTBweCUyMiUyMGFsaWduJTNEJTIybWlkZGxlJTIyJTIwc3R5bGUlM0QlMjJib3JkZXItc3R5bGUlM0ElMjBzb2xpZCUzQiUyMGJvcmRlci13aWR0aCUzQSUyMDAlMjIlMjAlM0UlM0MlMkZpZnJhbWUlM0UlM0MlMkZkaXYlM0UlMEElMEElMEE=[\/vc_raw_html][\/vc_column][\/vc_row][vc_row css=\u00a0\u00bb.vc_custom_1463131158685{margin-bottom: 30px !important;}\u00a0\u00bb][vc_column offset=\u00a0\u00bbvc_col-lg-6 vc_col-md-12&Prime;][vc_gallery type=\u00a0\u00bbflexslider_slide\u00a0\u00bb interval=\u00a0\u00bb3&Prime; images=\u00a0\u00bb205,207,731&Prime; onclick=\u00a0\u00bb\u00a0\u00bb][\/vc_column][vc_column offset=\u00a0\u00bbvc_col-lg-6 vc_col-md-12&Prime;][vc_tta_tour style=\u00a0\u00bbmodern\u00a0\u00bb shape=\u00a0\u00bbround\u00a0\u00bb color=\u00a0\u00bbwhite\u00a0\u00bb active_section=\u00a0\u00bb1&Prime;][vc_tta_section title=\u00a0\u00bbDescription\u00a0\u00bb tab_id=\u00a0\u00bb1461744278037-3ab293cc-7831&Prime;][vc_column_text css_animation=\u00a0\u00bbright-to-left\u00a0\u00bb] Situ\u00e9e \u00e0 l\u2019\u00e9tage inf\u00e9rieur du Centre de Congr\u00e8s, la salle peut accueillir jusqu\u2019\u00e0 170 personnes, ou elle est divisible gr\u00e2ce \u00e0 une s\u00e9paration [&hellip;]<\/p>\n","protected":false},"author":1,"featured_media":0,"parent":0,"menu_order":0,"comment_status":"closed","ping_status":"closed","template":"","meta":[],"yoast_head":"<!-- This site is optimized with the Yoast SEO plugin v18.2 - https:\/\/yoast.com\/wordpress\/plugins\/seo\/ -->\n<title>Salle Cervin du Centre de Congr\u00e8s Billia \u00e0 Saint-Vincent, en Vall\u00e9e d&#039;Aoste<\/title>\n<meta name=\"description\" content=\"Salle Cervin du Centre de Congr\u00e8s Billia \u00e0 Saint-Vincent, en Vall\u00e9e d&#039;Aoste. D\u00e9couvrez notre centre de congr\u00e8s en Vall\u00e9e d&#039;Aoste, cliquez ici...\" \/>\n<meta name=\"robots\" content=\"index, follow, max-snippet:-1, max-image-preview:large, max-video-preview:-1\" \/>\n<link rel=\"canonical\" href=\"https:\/\/www.billia.it\/centrocongressi\/fr\/sala-cervino\/\" \/>\n<meta property=\"og:locale\" content=\"fr_FR\" \/>\n<meta property=\"og:type\" content=\"article\" \/>\n<meta property=\"og:title\" content=\"Salle Cervin du Centre de Congr\u00e8s Billia \u00e0 Saint-Vincent, en Vall\u00e9e d&#039;Aoste\" \/>\n<meta property=\"og:description\" content=\"Salle Cervin du Centre de Congr\u00e8s Billia \u00e0 Saint-Vincent, en Vall\u00e9e d&#039;Aoste. D\u00e9couvrez notre centre de congr\u00e8s en Vall\u00e9e d&#039;Aoste, cliquez ici...\" \/>\n<meta property=\"og:url\" content=\"https:\/\/www.billia.it\/centrocongressi\/fr\/sala-cervino\/\" \/>\n<meta property=\"og:site_name\" content=\"Centro congressi Billia\" \/>\n<meta property=\"article:modified_time\" content=\"2024-04-12T07:03:50+00:00\" \/>\n<meta name=\"twitter:card\" content=\"summary\" \/>\n<meta name=\"twitter:label1\" content=\"Dur\u00e9e de lecture estim\u00e9e\" \/>\n\t<meta name=\"twitter:data1\" content=\"2 minutes\" \/>\n<script type=\"application\/ld+json\" class=\"yoast-schema-graph\">{\"@context\":\"https:\/\/schema.org\",\"@graph\":[{\"@type\":\"WebSite\",\"@id\":\"https:\/\/www.billia.it\/centrocongressi\/#website\",\"url\":\"https:\/\/www.billia.it\/centrocongressi\/\",\"name\":\"Centro congressi Billia\",\"description\":\"Centro congressi a Saint-Vincent, Valle d&#039;Aosta\",\"potentialAction\":[{\"@type\":\"SearchAction\",\"target\":{\"@type\":\"EntryPoint\",\"urlTemplate\":\"https:\/\/www.billia.it\/centrocongressi\/?s={search_term_string}\"},\"query-input\":\"required name=search_term_string\"}],\"inLanguage\":\"fr-FR\"},{\"@type\":\"WebPage\",\"@id\":\"https:\/\/www.billia.it\/centrocongressi\/fr\/sala-cervino\/#webpage\",\"url\":\"https:\/\/www.billia.it\/centrocongressi\/fr\/sala-cervino\/\",\"name\":\"Salle Cervin du Centre de Congr\u00e8s Billia \u00e0 Saint-Vincent, en Vall\u00e9e d'Aoste\",\"isPartOf\":{\"@id\":\"https:\/\/www.billia.it\/centrocongressi\/#website\"},\"datePublished\":\"2016-04-27T08:48:22+00:00\",\"dateModified\":\"2024-04-12T07:03:50+00:00\",\"description\":\"Salle Cervin du Centre de Congr\u00e8s Billia \u00e0 Saint-Vincent, en Vall\u00e9e d'Aoste. D\u00e9couvrez notre centre de congr\u00e8s en Vall\u00e9e d'Aoste, cliquez ici...\",\"breadcrumb\":{\"@id\":\"https:\/\/www.billia.it\/centrocongressi\/fr\/sala-cervino\/#breadcrumb\"},\"inLanguage\":\"fr-FR\",\"potentialAction\":[{\"@type\":\"ReadAction\",\"target\":[\"https:\/\/www.billia.it\/centrocongressi\/fr\/sala-cervino\/\"]}]},{\"@type\":\"BreadcrumbList\",\"@id\":\"https:\/\/www.billia.it\/centrocongressi\/fr\/sala-cervino\/#breadcrumb\",\"itemListElement\":[{\"@type\":\"ListItem\",\"position\":1,\"name\":\"Home\",\"item\":\"https:\/\/www.billia.it\/centrocongressi\/fr\/\"},{\"@type\":\"ListItem\",\"position\":2,\"name\":\"Salle Cervin\"}]}]}<\/script>\n<!-- \/ Yoast SEO plugin. -->","yoast_head_json":{"title":"Salle Cervin du Centre de Congr\u00e8s Billia \u00e0 Saint-Vincent, en Vall\u00e9e d'Aoste","description":"Salle Cervin du Centre de Congr\u00e8s Billia \u00e0 Saint-Vincent, en Vall\u00e9e d'Aoste. D\u00e9couvrez notre centre de congr\u00e8s en Vall\u00e9e d'Aoste, cliquez ici...","robots":{"index":"index","follow":"follow","max-snippet":"max-snippet:-1","max-image-preview":"max-image-preview:large","max-video-preview":"max-video-preview:-1"},"canonical":"https:\/\/www.billia.it\/centrocongressi\/fr\/sala-cervino\/","og_locale":"fr_FR","og_type":"article","og_title":"Salle Cervin du Centre de Congr\u00e8s Billia \u00e0 Saint-Vincent, en Vall\u00e9e d'Aoste","og_description":"Salle Cervin du Centre de Congr\u00e8s Billia \u00e0 Saint-Vincent, en Vall\u00e9e d'Aoste. D\u00e9couvrez notre centre de congr\u00e8s en Vall\u00e9e d'Aoste, cliquez ici...","og_url":"https:\/\/www.billia.it\/centrocongressi\/fr\/sala-cervino\/","og_site_name":"Centro congressi Billia","article_modified_time":"2024-04-12T07:03:50+00:00","twitter_card":"summary","twitter_misc":{"Dur\u00e9e de lecture estim\u00e9e":"2 minutes"},"schema":{"@context":"https:\/\/schema.org","@graph":[{"@type":"WebSite","@id":"https:\/\/www.billia.it\/centrocongressi\/#website","url":"https:\/\/www.billia.it\/centrocongressi\/","name":"Centro congressi Billia","description":"Centro congressi a Saint-Vincent, Valle d&#039;Aosta","potentialAction":[{"@type":"SearchAction","target":{"@type":"EntryPoint","urlTemplate":"https:\/\/www.billia.it\/centrocongressi\/?s={search_term_string}"},"query-input":"required name=search_term_string"}],"inLanguage":"fr-FR"},{"@type":"WebPage","@id":"https:\/\/www.billia.it\/centrocongressi\/fr\/sala-cervino\/#webpage","url":"https:\/\/www.billia.it\/centrocongressi\/fr\/sala-cervino\/","name":"Salle Cervin du Centre de Congr\u00e8s Billia \u00e0 Saint-Vincent, en Vall\u00e9e d'Aoste","isPartOf":{"@id":"https:\/\/www.billia.it\/centrocongressi\/#website"},"datePublished":"2016-04-27T08:48:22+00:00","dateModified":"2024-04-12T07:03:50+00:00","description":"Salle Cervin du Centre de Congr\u00e8s Billia \u00e0 Saint-Vincent, en Vall\u00e9e d'Aoste. D\u00e9couvrez notre centre de congr\u00e8s en Vall\u00e9e d'Aoste, cliquez ici...","breadcrumb":{"@id":"https:\/\/www.billia.it\/centrocongressi\/fr\/sala-cervino\/#breadcrumb"},"inLanguage":"fr-FR","potentialAction":[{"@type":"ReadAction","target":["https:\/\/www.billia.it\/centrocongressi\/fr\/sala-cervino\/"]}]},{"@type":"BreadcrumbList","@id":"https:\/\/www.billia.it\/centrocongressi\/fr\/sala-cervino\/#breadcrumb","itemListElement":[{"@type":"ListItem","position":1,"name":"Home","item":"https:\/\/www.billia.it\/centrocongressi\/fr\/"},{"@type":"ListItem","position":2,"name":"Salle Cervin"}]}]}},"_links":{"self":[{"href":"https:\/\/www.billia.it\/centrocongressi\/fr\/wp-json\/wp\/v2\/pages\/432"}],"collection":[{"href":"https:\/\/www.billia.it\/centrocongressi\/fr\/wp-json\/wp\/v2\/pages"}],"about":[{"href":"https:\/\/www.billia.it\/centrocongressi\/fr\/wp-json\/wp\/v2\/types\/page"}],"author":[{"embeddable":true,"href":"https:\/\/www.billia.it\/centrocongressi\/fr\/wp-json\/wp\/v2\/users\/1"}],"replies":[{"embeddable":true,"href":"https:\/\/www.billia.it\/centrocongressi\/fr\/wp-json\/wp\/v2\/comments?post=432"}],"version-history":[{"count":12,"href":"https:\/\/www.billia.it\/centrocongressi\/fr\/wp-json\/wp\/v2\/pages\/432\/revisions"}],"predecessor-version":[{"id":842,"href":"https:\/\/www.billia.it\/centrocongressi\/fr\/wp-json\/wp\/v2\/pages\/432\/revisions\/842"}],"wp:attachment":[{"href":"https:\/\/www.billia.it\/centrocongressi\/fr\/wp-json\/wp\/v2\/media?parent=432"}],"curies":[{"name":"wp","href":"https:\/\/api.w.org\/{rel}","templated":true}]}}