{"id":440,"date":"2016-04-27T10:51:26","date_gmt":"2016-04-27T08:51:26","guid":{"rendered":"http:\/\/www.billia.it\/centrocongressi\/fr\/sala-congressi-monte-bianco\/"},"modified":"2023-06-06T14:46:20","modified_gmt":"2023-06-06T12:46:20","slug":"sala-monte-bianco","status":"publish","type":"page","link":"https:\/\/www.billia.it\/centrocongressi\/fr\/sala-monte-bianco\/","title":{"rendered":"Salle Mont Blanc"},"content":{"rendered":"[vc_row full_width=\u00a0\u00bbstretch_row_content\u00a0\u00bb css=\u00a0\u00bb.vc_custom_1461744556193{margin-bottom: 0px !important;border-bottom-width: 0px !important;}\u00a0\u00bb][vc_column css=\u00a0\u00bb.vc_custom_1461744550777{margin-bottom: 0px !important;padding-top: 50px !important;padding-bottom: 0px !important;}\u00a0\u00bb][vc_raw_html]JTNDZGl2JTIwY2xhc3MlM0QlMjJib3R0b25lLWNlbnRyYWxlJTIyJTNFJTBBJTNDaWZyYW1lJTIwc3JjJTNEJTIyJTJGc2FsZSUyRm1vbnRlYmlhbmNvJTJGbW9udGUtYmlhbmNvLmh0bWwlMjIlMjAlMjB3aWR0aCUzRCUyMjkyMHB4JTIyJTIwaGVpZ2h0JTNEJTIyNzUwcHglMjIlMjBhbGlnbiUzRCUyMm1pZGRsZSUyMiUyMHN0eWxlJTNEJTIyYm9yZGVyLXN0eWxlJTNBJTIwc29saWQlM0IlMjBib3JkZXItd2lkdGglM0ElMjAwJTIyJTIwJTNFJTNDJTJGaWZyYW1lJTNFJTNDJTJGZGl2JTNFJTBBJTBB[\/vc_raw_html][\/vc_column][\/vc_row][vc_row full_width=\u00a0\u00bbstretch_row\u00a0\u00bb css=\u00a0\u00bb.vc_custom_1463131249477{margin-top: 0px !important;margin-bottom: 30px !important;padding-top: 0px !important;}\u00a0\u00bb][vc_column offset=\u00a0\u00bbvc_col-lg-6 vc_col-md-12&Prime;][vc_single_image image=\u00a0\u00bb754&Prime; img_size=\u00a0\u00bblarge\u00a0\u00bb style=\u00a0\u00bbvc_box_shadow_border\u00a0\u00bb css=\u00a0\u00bb.vc_custom_1686055568439{margin-top: 50px !important;}\u00a0\u00bb][\/vc_column][vc_column offset=\u00a0\u00bbvc_col-lg-6 vc_col-md-12&Prime;]<h2 class=\"calluna-heading calluna-heading-single-line text-align-center \" style=\"color: #7fa69d;\"><span>Fiche technique<\/span><\/h2>[vc_tta_tour style=\u00a0\u00bbmodern\u00a0\u00bb shape=\u00a0\u00bbround\u00a0\u00bb color=\u00a0\u00bbwhite\u00a0\u00bb active_section=\u00a0\u00bb1&Prime;][vc_tta_section title=\u00a0\u00bbDescription\u00a0\u00bb tab_id=\u00a0\u00bb1461744278037-3ab293cc-7831&Prime;][vc_column_text css_animation=\u00a0\u00bbright-to-left\u00a0\u00bb]\n<p class=\"p1\">Il s\u2019agit d\u2019un espace de forme r\u00e9guli\u00e8re pouvant accueillir 140 si\u00e8ges avec une sc\u00e8ne fixe qui garantit une excellente visibilit\u00e9. La salle est pav\u00e9e et recouverte de bois, avec des couleurs qui cr\u00e9ent une atmosph\u00e8re chaleureuse. La cabine de direction adjacente garantit la pr\u00e9sence active de techniciens. L\u2019absence de contraintes architecturales permet d\u2019accueillir dans l\u2019espace des am\u00e9nagements sur mesure pour chaque exigence de meeting.<\/p>\n[\/vc_column_text][\/vc_tta_section][vc_tta_section title=\u00a0\u00bbTailles\u00a0\u00bb tab_id=\u00a0\u00bb1459924885113-5f03a884-4e0b\u00a0\u00bb][vc_column_text css_animation=\u00a0\u00bbright-to-left\u00a0\u00bb]\n<p style=\"color: #1d1d1d;\">Zone m\u00b2. = 182<\/p>\n<p style=\"color: #1d1d1d;\">Taille = m. 13,88&#215;13,20<\/p>\n<p style=\"color: #1d1d1d;\">Hauteur m. = 3.23<\/p>\n[\/vc_column_text][\/vc_tta_section][vc_tta_section title=\u00a0\u00bbCapacit\u00e9\u00a0\u00bb tab_id=\u00a0\u00bb1459924885163-8073b0b9-ae33&Prime;][vc_column_text css_animation=\u00a0\u00bbright-to-left\u00a0\u00bb]\n<p style=\"color: #1d1d1d;\">Capacit\u00e9 maximale = 140 personnes<\/p>\n<p style=\"color: #1d1d1d;\">Capacit\u00e9 avec une disposition en fer \u00e0 cheval = 30<\/p>\n<p style=\"color: #1d1d1d;\">Capacit\u00e9 avec une table = 40<\/p>\n<p style=\"color: #1d1d1d;\">Capacit\u00e9 de la classe de pr\u00e9paration = 84<\/p>\n<p style=\"color: #1d1d1d;\">Capacit\u00e9s avec le th\u00e9\u00e2tre layout = 140<\/p>\n[\/vc_column_text][\/vc_tta_section][vc_tta_section title=\u00a0\u00bb\u00c9QUIPEMENT TECHNIQUE\u00a0\u00bb tab_id=\u00a0\u00bb1686055286780-72e49ea5-ac9a\u00a0\u00bb][vc_column_text]\n<ul class=\"ul1\">\n<li class=\"li1\">Projecteur Panasonic DLP 10.000 lumens, technologie laser avec r\u00e9solution jusqu\u2019\u00e0 4k; les signaux sont transmis sur c\u00e2ble optique HDMI et c\u00e2ble SDI<\/li>\n<li class=\"li1\">\u00c9cran motoris\u00e9 (pour projection frontale) d\u2019environ 6X3 m<\/li>\n<li class=\"li1\">Syst\u00e8me audio (mono), avec microphones fixes, sans fil et lavalier Shure<\/li>\n<li class=\"li1\">Mixer audio Midas<\/li>\n<li class=\"li1\">Sc\u00e8ne (m. 8,4\u00d72,8 x 0,45h) \u00e9quip\u00e9e d\u2019un ring fix (port\u00e9e maximale 2400 kg &#8211; 50kg par m\u00e8tre lin\u00e9aire), peut \u00eatre utilis\u00e9e pour suspendre des \u00e9quipements \u00e9ventuels service technique (pour audio, lumi\u00e8res et\/ou \u00e9crans) ou sc\u00e9nographies<\/li>\n<\/ul>\n[\/vc_column_text][\/vc_tta_section][\/vc_tta_tour][\/vc_column][\/vc_row][vc_row css=\u00a0\u00bb.vc_custom_1462643998211{padding-top: 50px !important;background-color: #f1f2f2 !important;}\u00a0\u00bb][vc_column][vc_column_text css_animation=\u00a0\u00bbbottom-to-top\u00a0\u00bb css=\u00a0\u00bb.vc_custom_1686055337407{padding-top: 20px !important;padding-left: 20px !important;}\u00a0\u00bb]\n<p style=\"color: #1d1d1d;\">Contactez-nous pour tous les besoins, nous vous fournirons toutes les informations techniques et vous pouvez obtenir un devis gratuit sans engagement.<\/p>\n<p style=\"color: #1d1d1d;\">Tel: (+39)-0166-5231<\/p>\n<p class=\"p1\"><span class=\"s1\">E-mail: <a href=\"mailto:congress.billia@svrc.it\"><span class=\"s2\">congress.billia@svrc.it<\/span><\/a> <\/span><\/p>\n[\/vc_column_text][vc_raw_html]JTNDZGl2JTIwY2xhc3MlM0QlMjJib3R0b25lLWNlbnRyYWxlJTIyJTNFJTBBJTNDYSUyMGhyZWYlM0QlMjIlMkZmciUyRmNvbnRhY3RzJTJGJTIyJTIwY2xhc3MlM0QlMjJidG4tcHJpbWFyeSUyMiUzRSUwQUNvbnRhY3RzJTBBJTNDJTJGYSUzRSUzQyUyRmRpdiUzRSUwQQ==[\/vc_raw_html][vc_empty_space][\/vc_column][\/vc_row]\n","protected":false},"excerpt":{"rendered":"<p>[vc_row full_width=\u00a0\u00bbstretch_row_content\u00a0\u00bb css=\u00a0\u00bb.vc_custom_1461744556193{margin-bottom: 0px !important;border-bottom-width: 0px !important;}\u00a0\u00bb][vc_column css=\u00a0\u00bb.vc_custom_1461744550777{margin-bottom: 0px !important;padding-top: 50px !important;padding-bottom: 0px !important;}\u00a0\u00bb][vc_raw_html]JTNDZGl2JTIwY2xhc3MlM0QlMjJib3R0b25lLWNlbnRyYWxlJTIyJTNFJTBBJTNDaWZyYW1lJTIwc3JjJTNEJTIyJTJGc2FsZSUyRm1vbnRlYmlhbmNvJTJGbW9udGUtYmlhbmNvLmh0bWwlMjIlMjAlMjB3aWR0aCUzRCUyMjkyMHB4JTIyJTIwaGVpZ2h0JTNEJTIyNzUwcHglMjIlMjBhbGlnbiUzRCUyMm1pZGRsZSUyMiUyMHN0eWxlJTNEJTIyYm9yZGVyLXN0eWxlJTNBJTIwc29saWQlM0IlMjBib3JkZXItd2lkdGglM0ElMjAwJTIyJTIwJTNFJTNDJTJGaWZyYW1lJTNFJTNDJTJGZGl2JTNFJTBBJTBB[\/vc_raw_html][\/vc_column][\/vc_row][vc_row full_width=\u00a0\u00bbstretch_row\u00a0\u00bb css=\u00a0\u00bb.vc_custom_1463131249477{margin-top: 0px !important;margin-bottom: 30px !important;padding-top: 0px !important;}\u00a0\u00bb][vc_column offset=\u00a0\u00bbvc_col-lg-6 vc_col-md-12&Prime;][vc_single_image image=\u00a0\u00bb754&Prime; img_size=\u00a0\u00bblarge\u00a0\u00bb style=\u00a0\u00bbvc_box_shadow_border\u00a0\u00bb css=\u00a0\u00bb.vc_custom_1686055568439{margin-top: 50px !important;}\u00a0\u00bb][\/vc_column][vc_column offset=\u00a0\u00bbvc_col-lg-6 vc_col-md-12&Prime;][vc_tta_tour style=\u00a0\u00bbmodern\u00a0\u00bb shape=\u00a0\u00bbround\u00a0\u00bb color=\u00a0\u00bbwhite\u00a0\u00bb active_section=\u00a0\u00bb1&Prime;][vc_tta_section title=\u00a0\u00bbDescription\u00a0\u00bb tab_id=\u00a0\u00bb1461744278037-3ab293cc-7831&Prime;][vc_column_text css_animation=\u00a0\u00bbright-to-left\u00a0\u00bb] Il s\u2019agit d\u2019un espace de forme r\u00e9guli\u00e8re pouvant accueillir 140 si\u00e8ges avec une sc\u00e8ne fixe qui [&hellip;]<\/p>\n","protected":false},"author":1,"featured_media":0,"parent":0,"menu_order":0,"comment_status":"closed","ping_status":"closed","template":"","meta":[],"yoast_head":"<!-- This site is optimized with the Yoast SEO plugin v18.2 - https:\/\/yoast.com\/wordpress\/plugins\/seo\/ -->\n<title>Salle Mont Blanc du Centre de Congr\u00e8s Billia en Vall\u00e9e d&#039;Aoste<\/title>\n<meta name=\"description\" content=\"Salle Mont Blanc du Centre de Congr\u00e8s Billia \u00e0 Saint-Vincent, en Vall\u00e9e d&#039;Aoste. D\u00e9couvrez notre centre de congr\u00e8s en Vall\u00e9e d&#039;Aoste, cliquez ici...\" \/>\n<meta name=\"robots\" content=\"index, follow, max-snippet:-1, max-image-preview:large, max-video-preview:-1\" \/>\n<link rel=\"canonical\" href=\"https:\/\/www.billia.it\/centrocongressi\/fr\/sala-monte-bianco\/\" \/>\n<meta property=\"og:locale\" content=\"fr_FR\" \/>\n<meta property=\"og:type\" content=\"article\" \/>\n<meta property=\"og:title\" content=\"Salle Mont Blanc du Centre de Congr\u00e8s Billia en Vall\u00e9e d&#039;Aoste\" \/>\n<meta property=\"og:description\" content=\"Salle Mont Blanc du Centre de Congr\u00e8s Billia \u00e0 Saint-Vincent, en Vall\u00e9e d&#039;Aoste. D\u00e9couvrez notre centre de congr\u00e8s en Vall\u00e9e d&#039;Aoste, cliquez ici...\" \/>\n<meta property=\"og:url\" content=\"https:\/\/www.billia.it\/centrocongressi\/fr\/sala-monte-bianco\/\" \/>\n<meta property=\"og:site_name\" content=\"Centro congressi Billia\" \/>\n<meta property=\"article:modified_time\" content=\"2023-06-06T12:46:20+00:00\" \/>\n<meta name=\"twitter:card\" content=\"summary\" \/>\n<meta name=\"twitter:label1\" content=\"Dur\u00e9e de lecture estim\u00e9e\" \/>\n\t<meta name=\"twitter:data1\" content=\"3 minutes\" \/>\n<script type=\"application\/ld+json\" class=\"yoast-schema-graph\">{\"@context\":\"https:\/\/schema.org\",\"@graph\":[{\"@type\":\"WebSite\",\"@id\":\"https:\/\/www.billia.it\/centrocongressi\/#website\",\"url\":\"https:\/\/www.billia.it\/centrocongressi\/\",\"name\":\"Centro congressi Billia\",\"description\":\"Centro congressi a Saint-Vincent, Valle d&#039;Aosta\",\"potentialAction\":[{\"@type\":\"SearchAction\",\"target\":{\"@type\":\"EntryPoint\",\"urlTemplate\":\"https:\/\/www.billia.it\/centrocongressi\/?s={search_term_string}\"},\"query-input\":\"required name=search_term_string\"}],\"inLanguage\":\"fr-FR\"},{\"@type\":\"WebPage\",\"@id\":\"https:\/\/www.billia.it\/centrocongressi\/fr\/sala-monte-bianco\/#webpage\",\"url\":\"https:\/\/www.billia.it\/centrocongressi\/fr\/sala-monte-bianco\/\",\"name\":\"Salle Mont Blanc du Centre de Congr\u00e8s Billia en Vall\u00e9e d'Aoste\",\"isPartOf\":{\"@id\":\"https:\/\/www.billia.it\/centrocongressi\/#website\"},\"datePublished\":\"2016-04-27T08:51:26+00:00\",\"dateModified\":\"2023-06-06T12:46:20+00:00\",\"description\":\"Salle Mont Blanc du Centre de Congr\u00e8s Billia \u00e0 Saint-Vincent, en Vall\u00e9e d'Aoste. D\u00e9couvrez notre centre de congr\u00e8s en Vall\u00e9e d'Aoste, cliquez ici...\",\"breadcrumb\":{\"@id\":\"https:\/\/www.billia.it\/centrocongressi\/fr\/sala-monte-bianco\/#breadcrumb\"},\"inLanguage\":\"fr-FR\",\"potentialAction\":[{\"@type\":\"ReadAction\",\"target\":[\"https:\/\/www.billia.it\/centrocongressi\/fr\/sala-monte-bianco\/\"]}]},{\"@type\":\"BreadcrumbList\",\"@id\":\"https:\/\/www.billia.it\/centrocongressi\/fr\/sala-monte-bianco\/#breadcrumb\",\"itemListElement\":[{\"@type\":\"ListItem\",\"position\":1,\"name\":\"Home\",\"item\":\"https:\/\/www.billia.it\/centrocongressi\/fr\/\"},{\"@type\":\"ListItem\",\"position\":2,\"name\":\"Salle Mont Blanc\"}]}]}<\/script>\n<!-- \/ Yoast SEO plugin. -->","yoast_head_json":{"title":"Salle Mont Blanc du Centre de Congr\u00e8s Billia en Vall\u00e9e d'Aoste","description":"Salle Mont Blanc du Centre de Congr\u00e8s Billia \u00e0 Saint-Vincent, en Vall\u00e9e d'Aoste. D\u00e9couvrez notre centre de congr\u00e8s en Vall\u00e9e d'Aoste, cliquez ici...","robots":{"index":"index","follow":"follow","max-snippet":"max-snippet:-1","max-image-preview":"max-image-preview:large","max-video-preview":"max-video-preview:-1"},"canonical":"https:\/\/www.billia.it\/centrocongressi\/fr\/sala-monte-bianco\/","og_locale":"fr_FR","og_type":"article","og_title":"Salle Mont Blanc du Centre de Congr\u00e8s Billia en Vall\u00e9e d'Aoste","og_description":"Salle Mont Blanc du Centre de Congr\u00e8s Billia \u00e0 Saint-Vincent, en Vall\u00e9e d'Aoste. D\u00e9couvrez notre centre de congr\u00e8s en Vall\u00e9e d'Aoste, cliquez ici...","og_url":"https:\/\/www.billia.it\/centrocongressi\/fr\/sala-monte-bianco\/","og_site_name":"Centro congressi Billia","article_modified_time":"2023-06-06T12:46:20+00:00","twitter_card":"summary","twitter_misc":{"Dur\u00e9e de lecture estim\u00e9e":"3 minutes"},"schema":{"@context":"https:\/\/schema.org","@graph":[{"@type":"WebSite","@id":"https:\/\/www.billia.it\/centrocongressi\/#website","url":"https:\/\/www.billia.it\/centrocongressi\/","name":"Centro congressi Billia","description":"Centro congressi a Saint-Vincent, Valle d&#039;Aosta","potentialAction":[{"@type":"SearchAction","target":{"@type":"EntryPoint","urlTemplate":"https:\/\/www.billia.it\/centrocongressi\/?s={search_term_string}"},"query-input":"required name=search_term_string"}],"inLanguage":"fr-FR"},{"@type":"WebPage","@id":"https:\/\/www.billia.it\/centrocongressi\/fr\/sala-monte-bianco\/#webpage","url":"https:\/\/www.billia.it\/centrocongressi\/fr\/sala-monte-bianco\/","name":"Salle Mont Blanc du Centre de Congr\u00e8s Billia en Vall\u00e9e d'Aoste","isPartOf":{"@id":"https:\/\/www.billia.it\/centrocongressi\/#website"},"datePublished":"2016-04-27T08:51:26+00:00","dateModified":"2023-06-06T12:46:20+00:00","description":"Salle Mont Blanc du Centre de Congr\u00e8s Billia \u00e0 Saint-Vincent, en Vall\u00e9e d'Aoste. D\u00e9couvrez notre centre de congr\u00e8s en Vall\u00e9e d'Aoste, cliquez ici...","breadcrumb":{"@id":"https:\/\/www.billia.it\/centrocongressi\/fr\/sala-monte-bianco\/#breadcrumb"},"inLanguage":"fr-FR","potentialAction":[{"@type":"ReadAction","target":["https:\/\/www.billia.it\/centrocongressi\/fr\/sala-monte-bianco\/"]}]},{"@type":"BreadcrumbList","@id":"https:\/\/www.billia.it\/centrocongressi\/fr\/sala-monte-bianco\/#breadcrumb","itemListElement":[{"@type":"ListItem","position":1,"name":"Home","item":"https:\/\/www.billia.it\/centrocongressi\/fr\/"},{"@type":"ListItem","position":2,"name":"Salle Mont Blanc"}]}]}},"_links":{"self":[{"href":"https:\/\/www.billia.it\/centrocongressi\/fr\/wp-json\/wp\/v2\/pages\/440"}],"collection":[{"href":"https:\/\/www.billia.it\/centrocongressi\/fr\/wp-json\/wp\/v2\/pages"}],"about":[{"href":"https:\/\/www.billia.it\/centrocongressi\/fr\/wp-json\/wp\/v2\/types\/page"}],"author":[{"embeddable":true,"href":"https:\/\/www.billia.it\/centrocongressi\/fr\/wp-json\/wp\/v2\/users\/1"}],"replies":[{"embeddable":true,"href":"https:\/\/www.billia.it\/centrocongressi\/fr\/wp-json\/wp\/v2\/comments?post=440"}],"version-history":[{"count":11,"href":"https:\/\/www.billia.it\/centrocongressi\/fr\/wp-json\/wp\/v2\/pages\/440\/revisions"}],"predecessor-version":[{"id":759,"href":"https:\/\/www.billia.it\/centrocongressi\/fr\/wp-json\/wp\/v2\/pages\/440\/revisions\/759"}],"wp:attachment":[{"href":"https:\/\/www.billia.it\/centrocongressi\/fr\/wp-json\/wp\/v2\/media?parent=440"}],"curies":[{"name":"wp","href":"https:\/\/api.w.org\/{rel}","templated":true}]}}